{"id":57912,"date":"2026-04-30T11:33:55","date_gmt":"2026-04-30T09:33:55","guid":{"rendered":"https:\/\/louma-jobs.com\/cameroun\/?post_type=emplois&#038;p=57912"},"modified":"2026-04-30T11:33:58","modified_gmt":"2026-04-30T09:33:58","slug":"un-1-chauffeur-base-e-a-ngaoundere-pour-le-programme-de-consolidation-de-la-paix-au-cameroun-reserve-aux-residants-de-ngaoundere","status":"publish","type":"emplois","link":"https:\/\/louma-jobs.com\/cameroun\/recrutements-emplois-stages\/2026\/un-1-chauffeur-base-e-a-ngaoundere-pour-le-programme-de-consolidation-de-la-paix-au-cameroun-reserve-aux-residants-de-ngaoundere\/","title":{"rendered":"Un (1) Chauffeur bas\u00e9 (e) \u00e0 Ngaound\u00e9r\u00e9 pour le programme de consolidation de la paix au Cameroun (r\u00e9serv\u00e9 aux r\u00e9sidants de Ngaound\u00e9r\u00e9)"},"content":{"rendered":"\n<h1 class=\"wp-block-heading\"><strong>A propos de Concordis International<\/strong><\/h1>\n\n\n\n<p>Concordis travaille aux c\u00f4t\u00e9s de ceux impliqu\u00e9s ou affect\u00e9s par des conflits arm\u00e9s, les aidant \u00e0 trouver des solutions qui s&rsquo;attaquent aux causes profondes des conflits et contribuent \u00e0 une paix et un d\u00e9veloppement \u00e9conomique durables.&nbsp;<\/p>\n\n\n\n<h1 class=\"wp-block-heading\"><strong>Vision, Mission et Valeurs<\/strong><\/h1>\n\n\n\n<h2 class=\"wp-block-heading\">Vision<\/h2>\n\n\n\n<p>Notre vision est que chaque communaut\u00e9 touch\u00e9e par un conflit arm\u00e9 dispose des ressources dont elle a besoin pour g\u00e9rer le conflit de mani\u00e8re pacifique.<\/p>\n\n\n\n<h2 class=\"wp-block-heading\">Mission<\/h2>\n\n\n\n<p>\u00b7&nbsp;&nbsp;&nbsp;&nbsp;&nbsp;&nbsp;&nbsp;\u00c9tablir des&nbsp;<strong>relations de confiance&nbsp;<\/strong>avec les personnes impliqu\u00e9es ou affect\u00e9es par un conflit arm\u00e9.&nbsp;<\/p>\n\n\n\n<p>\u00b7\u00a0\u00a0\u00a0\u00a0\u00a0\u00a0\u00a0Faciliter les\u00a0<strong>conversations difficiles<\/strong>\u00a0entre des personnes appartenant \u00e0 des factions oppos\u00e9es.<\/p>\n\n\n\n<p>\u00b7 Permettre aux populations de trouver des solutions r\u00e9alisables qui s&rsquo;attaquent aux causes profondes des conflits et contribuent \u00e0 une paix durable et \u00e0 un d\u00e9veloppement \u00e9conomique pour un b\u00e9n\u00e9fice mutuel.<\/p>\n\n\n\n<p>\u00b7 Inclure les femmes ainsi que les hommes, les gouvernements nationaux ainsi que la soci\u00e9t\u00e9 civile, ceux qui choisissent de prendre les armes et ceux qui ne le font pas.<\/p>\n\n\n\n<p>\u00b7 Laisser un h\u00e9ritage de m\u00e9canismes durables permettant de g\u00e9rer pacifiquement les futurs conflits.<\/p>\n\n\n\n<p>Valeurs<br>Nous nous engageons en faveur d\u2019une justice transformatrice et de la consolidation de la paix, soutenus par les valeurs de Concordis :<br>\u00b7 Humilit\u00e9 \u2013 nous reconnaissons que nous n&rsquo;avons pas toutes les r\u00e9ponses, qu&rsquo;il existe diff\u00e9rentes mani\u00e8res de traiter et de r\u00e9soudre les conflits, et que notre contribution devrait s&rsquo;inscrire dans le cadre d&rsquo;un large engagement d&rsquo;un certain nombre de personnes et d&rsquo;organisations.<\/p>\n\n\n\n<p>\u00b7 Impartialit\u00e9 \u2013 nous agissons de mani\u00e8re consciemment non partisane.<\/p>\n\n\n\n<p>\u00b7 Inclusivit\u00e9 \u2013 nous promouvons la participation active \u00e0 nos dialogues de personnes repr\u00e9sentant autant de courants d&rsquo;opinions ou d&rsquo;int\u00e9r\u00eats que n\u00e9cessaire. Nous travaillons de mani\u00e8re cr\u00e9ative pour donner la parole aux personnes et aux groupes qui autrement pourraient \u00eatre marginalis\u00e9s en raison de leur sexe, de leur \u00e2ge ou de leur origine ethnique.<\/p>\n\n\n\n<p>Informations sur le Programme Zones Frontali\u00e8res d&rsquo;Afrique centrale :<br>L&rsquo;objectif du programme est de pr\u00e9venir et d&rsquo;att\u00e9nuer l&rsquo;impact des conflits locaux dans les zones frontali\u00e8res de la R\u00e9publique centrafricaine (RCA), du Cameroun, du Tchad et de Darfour, au Soudan. Les quatre pays d\u00e9pendent fortement des activit\u00e9s agro-pastorales, notamment de la transhumance transfrontali\u00e8re : le mouvement saisonnier du b\u00e9tail \u00e0 travers les fronti\u00e8res \u00e0 la recherche de bons p\u00e2turages.<\/p>\n\n\n\n<p>Le programme de quatre ans vise \u00e0 s&rsquo;attaquer aux causes profondes de l&rsquo;instabilit\u00e9 et des conflits en Afrique centrale, en particulier celles associ\u00e9es \u00e0 la pratique de la transhumance, en am\u00e9liorant la r\u00e9silience des communaut\u00e9s transfrontali\u00e8res, en renfor\u00e7ant la s\u00e9curit\u00e9 locale et frontali\u00e8re et en promouvant le dialogue local, la r\u00e9solution des conflits et la coop\u00e9ration transfrontali\u00e8re.<\/p>\n\n\n\n<p>Le programme s&rsquo;appuie sur le travail que Concordis m\u00e8ne avec les communaut\u00e9s locales en RCA et au Soudan depuis plus de dix ans et qu&rsquo;il a r\u00e9cemment \u00e9t\u00e9 invit\u00e9 par les repr\u00e9sentants locaux \u00e0 \u00e9tendre aux zones frontali\u00e8res du Tchad et du Cameroun.<\/p>\n\n\n\n<p>Le programme a trois objectifs sp\u00e9cifiques :<\/p>\n\n\n\n<p>1.&nbsp;&nbsp;&nbsp;&nbsp;&nbsp;&nbsp;&nbsp;G\u00e9rer les conflits agro-pastoraux des zones frontali\u00e8res en mettant en place et\/ou en soutenant des m\u00e9canismes communautaires locaux de pr\u00e9vention et de gestion des conflits, avec la participation active des femmes et des jeunes.<\/p>\n\n\n\n<p>2.&nbsp;&nbsp;&nbsp;&nbsp;&nbsp;&nbsp;&nbsp;R\u00e9duire les actions ill\u00e9gales et les conflits agro-pastoraux dans et autour des zones prot\u00e9g\u00e9es (y compris les parcs nationaux) pr\u00e8s de la fronti\u00e8re en \u00e9tablissant des partenariats de travail efficaces entre les gestionnaires de ces zones et les acteurs locaux.<\/p>\n\n\n\n<p>3.&nbsp;&nbsp;&nbsp;&nbsp;&nbsp;&nbsp;&nbsp;Renforcer la gouvernance locale transfrontali\u00e8re et contribuer aux dialogues locaux et de haut niveau autour de la r\u00e9solution des conflits et de la consolidation de la paix.<\/p>\n\n\n\n<h1 class=\"wp-block-heading\"><strong>Informations sur le R\u00f4le :<\/strong><\/h1>\n\n\n\n<p><strong>Titre du Poste :<\/strong>&nbsp;&nbsp;&nbsp;&nbsp;1 Chauffeur<\/p>\n\n\n\n<p><strong>Lieu d\u2019affectation :<\/strong>&nbsp;R\u00e9gion d\u2019Adamaoua (Ngaound\u00e9r\u00e9)<\/p>\n\n\n\n<p><strong>Statut du poste&nbsp;:<\/strong>&nbsp;Poste national (sur le terrain)<\/p>\n\n\n\n<p><strong>Type et dur\u00e9e du contrat&nbsp;:<\/strong>&nbsp;CDD de 12 mois renouvelable avec une p\u00e9riode d\u2019essai<\/p>\n\n\n\n<p><strong>Lien hi\u00e9rarchique et Fonctionnel :<\/strong>&nbsp;Charg\u00e9e Finance, RH et Logistique base<\/p>\n\n\n\n<p><strong>Salaire :<\/strong>&nbsp;Comp\u00e9titif (qui sera communiqu\u00e9 \u00e0 l\u2019entretien)<\/p>\n\n\n\n<h1 class=\"wp-block-heading\"><strong>Fonctions et Responsabilit\u00e9s :<\/strong><\/h1>\n\n\n\n<p>\u00b7&nbsp;&nbsp;&nbsp;&nbsp;&nbsp;&nbsp;&nbsp;Transporter le personnel et les \u00e9quipements requis par le personnel de Concordis<\/p>\n\n\n\n<p>\u00b7&nbsp;&nbsp;&nbsp;&nbsp;&nbsp;&nbsp;&nbsp;Pr\u00e9parer le(s) v\u00e9hicule(s) pour chaque mission (outils, carburant, huile, eau, roue de secours, documents, etc.)<\/p>\n\n\n\n<p>\u00b7&nbsp;&nbsp;&nbsp;&nbsp;&nbsp;&nbsp;&nbsp;Faire le plein du v\u00e9hicule<\/p>\n\n\n\n<p>\u00b7&nbsp;&nbsp;&nbsp;&nbsp;&nbsp;&nbsp;&nbsp;Fournir un support logistique \u00e0 l\u2019\u00e9quipe Concordis si n\u00e9cessaire (distribution du courrier, achats..)<\/p>\n\n\n\n<p>\u00b7&nbsp;&nbsp;&nbsp;&nbsp;&nbsp;&nbsp;&nbsp;Assurer la propret\u00e9 du ou des v\u00e9hicule(s), int\u00e9rieur et ext\u00e9rieur<\/p>\n\n\n\n<p>\u00b7&nbsp;&nbsp;&nbsp;&nbsp;&nbsp;&nbsp;&nbsp;V\u00e9rifier r\u00e9guli\u00e8rement si un entretien ou une maintenance est n\u00e9cessaire et organiser les r\u00e9parations requises en coordination avec le responsable Logistique et Administratif<\/p>\n\n\n\n<p>\u00b7&nbsp;&nbsp;&nbsp;&nbsp;&nbsp;&nbsp;&nbsp;Compl\u00e9ter le logbook et effectuer les v\u00e9rifications quotidiennes et hebdomadaires mentionn\u00e9es dans le log-book<\/p>\n\n\n\n<p>\u00b7&nbsp;&nbsp;&nbsp;&nbsp;&nbsp;&nbsp;&nbsp;Charger et d\u00e9charger le v\u00e9hicule&nbsp;<\/p>\n\n\n\n<p>\u00b7&nbsp;&nbsp;&nbsp;&nbsp;&nbsp;&nbsp;&nbsp;Conduire le v\u00e9hicule en respectant la s\u00e9curit\u00e9 des passagers, des autres usagers de la route, la charge et l\u2019\u00e9tat technique du v\u00e9hicule<\/p>\n\n\n\n<p>\u00b7&nbsp;&nbsp;&nbsp;&nbsp;&nbsp;&nbsp;&nbsp;Conduire en respectant le code de la route, sans commettre d\u2019infraction<\/p>\n\n\n\n<p>\u00b7\u00a0\u00a0\u00a0\u00a0\u00a0\u00a0\u00a0Porter une ceinture de s\u00e9curit\u00e9 et s\u2019assurer que les passagers portent leur ceinture de s\u00e9curit\u00e9<\/p>\n\n\n\n<p>\u00b7&nbsp;&nbsp;&nbsp;&nbsp;&nbsp;&nbsp;&nbsp;D\u00e9tenir et conserver son permis de conduire valide et pr\u00eat pour inspection<\/p>\n\n\n\n<p>\u00b7&nbsp;&nbsp;&nbsp;&nbsp;&nbsp;&nbsp;&nbsp;Garder sur soi le t\u00e9l\u00e9phone du chauffeur pendant les heures de travail, et s\u2019assurer qu\u2019il est allum\u00e9, suffisamment charg\u00e9 et fonctionnel (assez de cr\u00e9dit)<\/p>\n\n\n\n<p>\u00b7&nbsp;&nbsp;&nbsp;&nbsp;&nbsp;&nbsp;&nbsp;Garder sur soi \u00e0 tout moment une carte d\u2019identification de Concordis<\/p>\n\n\n\n<p>\u00b7&nbsp;&nbsp;&nbsp;&nbsp;&nbsp;&nbsp;&nbsp;Informer imm\u00e9diatement le responsable Logistique et Administratif\/ le charg\u00e9 de mission et les autorit\u00e9s locales en cas d\u2019incident<\/p>\n\n\n\n<p>\u00b7&nbsp;&nbsp;&nbsp;&nbsp;&nbsp;&nbsp;&nbsp;Informer imm\u00e9diatement le responsable Logistique et Administratif de toute d\u00e9faillance technique concernant le v\u00e9hicule<\/p>\n\n\n\n<p>\u00b7&nbsp;&nbsp;&nbsp;&nbsp;&nbsp;&nbsp;&nbsp;Respecter les proc\u00e9dures et r\u00e8gles de Concordis, y compris celles concernant la s\u00e9curit\u00e9<\/p>\n\n\n\n<p>\u00b7&nbsp;&nbsp;&nbsp;&nbsp;&nbsp;&nbsp;&nbsp;Effectuer les autres t\u00e2ches requises par le responsable Logistique et Administratif<\/p>\n\n\n\n<p><strong>Qualifications et comp\u00e9tences requises<\/strong><strong><\/strong><\/p>\n\n\n\n<p><strong>&nbsp;Comp\u00e9tences et qualifications indispensables<\/strong><\/p>\n\n\n\n<p>\u00b7&nbsp;&nbsp;&nbsp;&nbsp;&nbsp;&nbsp;&nbsp;Permis de conduire depuis au moins 3 ans<\/p>\n\n\n\n<p>\u00b7&nbsp;&nbsp;&nbsp;&nbsp;&nbsp;&nbsp;&nbsp;Exp\u00e9rience de travail en tant que chauffeur dans une ONG<\/p>\n\n\n\n<p>\u00b7&nbsp;&nbsp;&nbsp;&nbsp;&nbsp;&nbsp;&nbsp;Ma\u00eetrise du fran\u00e7ais lu, \u00e9crit et parl\u00e9<\/p>\n\n\n\n<p>\u00b7&nbsp;&nbsp;&nbsp;&nbsp;&nbsp;&nbsp;&nbsp;Nationalit\u00e9 Camerounaise (un document d\u2019identit\u00e9 sera exig\u00e9)<\/p>\n\n\n\n<p>\u00b7&nbsp;&nbsp;&nbsp;&nbsp;&nbsp;&nbsp;&nbsp;Efficacit\u00e9, autonomie, bonnes capacit\u00e9s organisationnelles<\/p>\n\n\n\n<p>\u00b7&nbsp;&nbsp;&nbsp;&nbsp;&nbsp;&nbsp;&nbsp;Adh\u00e9sion aux valeurs et principes de Concordis International, notamment l\u2019impartialit\u00e9 et neutralit\u00e9<\/p>\n\n\n\n<p>\u00b7&nbsp;&nbsp;&nbsp;&nbsp;&nbsp;&nbsp;&nbsp;R\u00e9sidant \u00e0 Ngaound\u00e9r\u00e9 (condition obligatoire)<\/p>\n\n\n\n<p><strong>Comp\u00e9tences personnelles<\/strong><\/p>\n\n\n\n<p>\u00b7&nbsp;&nbsp;&nbsp;&nbsp;&nbsp;&nbsp;&nbsp;Ponctualit\u00e9, rigueur et sens de l\u2019organisation.<\/p>\n\n\n\n<p>\u00b7&nbsp;&nbsp;&nbsp;&nbsp;&nbsp;&nbsp;&nbsp;Discr\u00e9tion et respect de la confidentialit\u00e9.<\/p>\n\n\n\n<p>\u00b7&nbsp;&nbsp;&nbsp;&nbsp;&nbsp;&nbsp;&nbsp;Capacit\u00e9 \u00e0 travailler de fa\u00e7on autonome et proactive.<\/p>\n\n\n\n<p>\u00b7&nbsp;&nbsp;&nbsp;&nbsp;&nbsp;&nbsp;&nbsp;Bonne condition physique (port de charges l\u00e9g\u00e8res, station debout prolong\u00e9e).<\/p>\n\n\n\n<p>\u00b7&nbsp;&nbsp;&nbsp;&nbsp;&nbsp;&nbsp;&nbsp;Sens de l\u2019hygi\u00e8ne et de la propret\u00e9.<\/p>\n\n\n\n<p><strong>Qualifications<\/strong><\/p>\n\n\n\n<p>\u00b7&nbsp;&nbsp;&nbsp;&nbsp;&nbsp;&nbsp;&nbsp;Niveau d\u2019instruction : au minimum BEPC ou \u00e9quivalent<\/p>\n\n\n\n<p>\u00b7&nbsp;&nbsp;&nbsp;&nbsp;&nbsp;&nbsp;&nbsp;Avoir une bonne ma\u00eetrise du fran\u00e7ais oral et \u00e9crit<\/p>\n\n\n\n<p>\u00b7&nbsp;&nbsp;&nbsp;&nbsp;&nbsp;&nbsp;&nbsp;L\u2019exp\u00e9rience en ONG est un atout<\/p>\n\n\n\n<h2 class=\"wp-block-heading\"><strong>Dossiers de candidature :<\/strong><\/h2>\n\n\n\n<p>Les dossiers de candidature doivent inclure&nbsp;:<\/p>\n\n\n\n<p>&#8211;&nbsp;&nbsp;&nbsp;&nbsp;&nbsp;&nbsp;&nbsp;&nbsp;&nbsp;&nbsp;Un CV actualis\u00e9 portant au moins les r\u00e9f\u00e9rences des 3 derniers postes occup\u00e9s&nbsp;;<\/p>\n\n\n\n<p>&#8211;&nbsp;&nbsp;&nbsp;&nbsp;&nbsp;&nbsp;&nbsp;&nbsp;&nbsp;&nbsp;Une lettre de motivation adress\u00e9e \u00e0 la Responsable Pays de Concordis International au Cameroun ;<\/p>\n\n\n\n<p>&#8211;&nbsp;&nbsp;&nbsp;&nbsp;&nbsp;&nbsp;&nbsp;&nbsp;&nbsp;&nbsp;Une copie de dipl\u00f4mes\/ Attestations&nbsp;;<\/p>\n\n\n\n<p>&#8211;&nbsp;&nbsp;&nbsp;&nbsp;&nbsp;&nbsp;&nbsp;&nbsp;&nbsp;&nbsp;Une copie des certificats de travail en lien avec le poste&nbsp;;<\/p>\n\n\n\n<p>&#8211;&nbsp;&nbsp;&nbsp;&nbsp;&nbsp;&nbsp;&nbsp;&nbsp;&nbsp;&nbsp;Une copie de la pi\u00e8ce d\u2019identit\u00e9 nationale en cours de validit\u00e9&nbsp;;<\/p>\n\n\n\n<p>&#8211;&nbsp;&nbsp;&nbsp;&nbsp;&nbsp;&nbsp;&nbsp;&nbsp;&nbsp;&nbsp;Une Copie du permis de conduire<\/p>\n\n\n\n<h2 class=\"wp-block-heading\"><strong>Comment postuler :<\/strong><\/h2>\n\n\n\n<p>Les candidatures sont d\u00e9pos\u00e9es&nbsp;<strong>sous plis<\/strong>&nbsp;<strong>ferm\u00e9 avec uniquement la mention \u00ab&nbsp;candidature<\/strong><strong>&nbsp;Chauffeur Ngaound\u00e9r\u00e9<\/strong><strong>\u00bb<\/strong>&nbsp;au bureau de Concordis Ngaound\u00e9r\u00e9, situ\u00e9 derri\u00e8re le conseil r\u00e9gional de Ngaound\u00e9r\u00e9 \u00ab quartier Baladji 2 \u00bb (Prendre l\u2019entr\u00e9e non bitum\u00e9e entre le Conseil R\u00e9gional et le MINEPIA. Longez tout le mur du conseil R\u00e9gional, portail noir)<\/p>\n\n\n\n<p><strong>La date limite de soumission des candidatures est fix\u00e9e au 06 Mai 2026<\/strong>. (Les candidatures sont r\u00e9ceptionn\u00e9es entre 10h00 et 15h00).<\/p>\n\n\n\n<p>Pour plus d&rsquo;informations sur Concordis International, veuillez consulter notre site internet \u00e0&nbsp;l&rsquo;adresse&nbsp;suivante&nbsp;<a href=\"http:\/\/www.concordis.international\/\" target=\"_blank\" rel=\"noopener\"><strong>www.concordis.international<\/strong><\/a>.<\/p>\n\n\n\n<p><strong>D\u00e9claration d&rsquo;\u00e9galit\u00e9&nbsp;:<\/strong><\/p>\n\n\n\n<p>Concordis International s&rsquo;engage \u00e0 traiter toutes les personnes de mani\u00e8re \u00e9gale et avec respect, quels que soient leur \u00e2ge, leur handicap, leur sexe, leur race, leur religion ou leurs convictions, leur sexe ou leur orientation sexuelle. Nous encourageons activement l&rsquo;\u00e9galit\u00e9 et la diversit\u00e9 et nous cherchons \u00e0 recruter des personnes de tous \u00e2ges, sexes, ethnies et origines pour soutenir notre mission de consolidation de la paix.<\/p>\n\n\n\n<h2 class=\"wp-block-heading\">Requ\u00eates&nbsp;:<\/h2>\n\n\n\n<p>Si vous avez des questions ou souhaitez une discussion informelle sur cette opportunit\u00e9, veuillez contacter l&rsquo;\u00e9quipe RH par courriel au&nbsp;<a href=\"mailto:office@concordis.international\">office@concordis.international<\/a>&nbsp;et nous serions heureux de vous aider.<\/p>\n\n\n\n<p>Nous conserverons vos donn\u00e9es personnelles avec soin et dans le respect des exigences du R\u00e8glement G\u00e9n\u00e9ral sur la Protection des Donn\u00e9es.<\/p>\n","protected":false},"excerpt":{"rendered":"<p>A propos de Concordis International Concordis travaille aux c\u00f4t\u00e9s de ceux impliqu\u00e9s ou affect\u00e9s par des conflits arm\u00e9s, les aidant \u00e0 trouver des solutions qui&#8230;<\/p>\n","protected":false},"author":8,"comment_status":"open","ping_status":"closed","template":"","categories":[369],"tags":[],"villes":[146],"contrats":[236],"diplomes":[158,2259],"_links":{"self":[{"href":"https:\/\/louma-jobs.com\/cameroun\/wp-json\/wp\/v2\/emplois\/57912"}],"collection":[{"href":"https:\/\/louma-jobs.com\/cameroun\/wp-json\/wp\/v2\/emplois"}],"about":[{"href":"https:\/\/louma-jobs.com\/cameroun\/wp-json\/wp\/v2\/types\/emplois"}],"author":[{"embeddable":true,"href":"https:\/\/louma-jobs.com\/cameroun\/wp-json\/wp\/v2\/users\/8"}],"replies":[{"embeddable":true,"href":"https:\/\/louma-jobs.com\/cameroun\/wp-json\/wp\/v2\/comments?post=57912"}],"version-history":[{"count":1,"href":"https:\/\/louma-jobs.com\/cameroun\/wp-json\/wp\/v2\/emplois\/57912\/revisions"}],"predecessor-version":[{"id":57913,"href":"https:\/\/louma-jobs.com\/cameroun\/wp-json\/wp\/v2\/emplois\/57912\/revisions\/57913"}],"wp:featuredmedia":[{"embeddable":true,"href":"https:\/\/louma-jobs.com\/cameroun\/wp-json\/wp\/v2\/media\/51524"}],"wp:attachment":[{"href":"https:\/\/louma-jobs.com\/cameroun\/wp-json\/wp\/v2\/media?parent=57912"}],"wp:term":[{"taxonomy":"category","embeddable":true,"href":"https:\/\/louma-jobs.com\/cameroun\/wp-json\/wp\/v2\/categories?post=57912"},{"taxonomy":"post_tag","embeddable":true,"href":"https:\/\/louma-jobs.com\/cameroun\/wp-json\/wp\/v2\/tags?post=57912"},{"taxonomy":"villes","embeddable":true,"href":"https:\/\/louma-jobs.com\/cameroun\/wp-json\/wp\/v2\/villes?post=57912"},{"taxonomy":"contrats","embeddable":true,"href":"https:\/\/louma-jobs.com\/cameroun\/wp-json\/wp\/v2\/contrats?post=57912"},{"taxonomy":"diplomes","embeddable":true,"href":"https:\/\/louma-jobs.com\/cameroun\/wp-json\/wp\/v2\/diplomes?post=57912"}],"curies":[{"name":"wp","href":"https:\/\/api.w.org\/{rel}","templated":true}]}}