{"id":53780,"date":"2025-07-08T12:48:56","date_gmt":"2025-07-08T10:48:56","guid":{"rendered":"https:\/\/louma-jobs.com\/cameroun\/?post_type=emplois&#038;p=53780"},"modified":"2025-07-08T12:49:03","modified_gmt":"2025-07-08T10:49:03","slug":"chargee-de-communication-junior","status":"publish","type":"emplois","link":"https:\/\/louma-jobs.com\/cameroun\/recrutements-emplois-stages\/2025\/chargee-de-communication-junior\/","title":{"rendered":"CHARG\u00c9(E) DE COMMUNICATION JUNIOR"},"content":{"rendered":"<p>Description<br \/>\nAPPEL A CANDIDATURES POUR LE RECRUTEMENT D\u2019UN.E (01) EXPERT.E EN COMMUNICATION JUNIOR POUR LE PROGRAMME GESTION DURABLE DES FORETS DANS LE BASSIN DU CONGO DE LA DEUTSCHE GESELLSCHAFT F\u00dcR INTERNATIONALE ZUSAMMENARBEIT (GIZ\/ProCOMIFAC) GmbH BASE A YAOUNDE.<\/p>\n<p>A.    CONTEXTE GENERAL<br \/>\nLe Programme gestion durable des for\u00eats du bassin du Congo vise \u00e0 l&rsquo;am\u00e9lioration de la protection et l&rsquo;exploitation durable de la diversit\u00e9 biologique et des ressources foresti\u00e8res dans le Bassin du Congo et les savanes avoisinantes. De par son orientation r\u00e9gionale pour l&rsquo;am\u00e9lioration de la capacit\u00e9 de fonctionnement des institutions et acteurs principaux de la Commission des For\u00eats d&rsquo;Afrique Centrale (COMIFAC) ainsi que son interaction dans le syst\u00e8me, le module  d\u2019appui \u00e0 la COMIFAC fournit un travail de fond pour l&rsquo;ensemble du programme, en contribuant \u00e0 tous les niveaux \u00e0 cr\u00e9er des conditions cadres qui b\u00e9n\u00e9ficient \u00e0 tous les modules du programme (p.ex. harmonisation des politiques, formulation de r\u00e9glementations r\u00e9gionales, mise en place d&rsquo;un syst\u00e8me de suivi-\u00e9valuation pour le plan de convergence, gestion des savoirs portant sur l\u2019ensemble du programme, etc.). <\/p>\n<p>La COMIFAC est donc d&rsquo;une grande importance du fait qu\u2019en tant qu\u2019organisation r\u00e9gionale, elle rassemble un grand nombre d&rsquo;acteurs de l\u2019\u00c9tat et de la soci\u00e9t\u00e9 civile autour des th\u00e8mes de la protection et l&rsquo;exploitation durable de la diversit\u00e9 biologique et des ressources foresti\u00e8res et est coordonn\u00e9e r\u00e9guli\u00e8rement \u00e0 travers des rencontres annuelles de plusieurs jours au plus haut niveau (Conseil des ministres). Ses r\u00e9alisations contribuent de mani\u00e8res diverses \u00e0 la professionnalisation et au d\u00e9veloppement des comp\u00e9tences du syst\u00e8me, des institutions et de leurs collaborateurs. Outre les connaissances techniques, il s\u2019agit surtout des comp\u00e9tences en mati\u00e8re de processus (par exemple \u00e9laboration de strat\u00e9gie, planification, suivi, r\u00e9seaux, transfert de connaissances, pr\u00e9sentation des positions adopt\u00e9es d\u2019un commun accord lors des conf\u00e9rences internationales, implication des populations locales, prise en compte des th\u00e8mes transversaux), qui sont n\u00e9cessaires \u00e0 une promotion ad\u00e9quate de la mise en \u0153uvre du plan de convergence de la COMIFAC.<\/p>\n<p>Le projet COMIFAC interagit avec les modules de coop\u00e9ration technique et de la coop\u00e9ration financi\u00e8re, en renfor\u00e7ant le cadre n\u00e9cessaire \u00e0 la mise en \u0153uvre du plan de convergence &#8211; particuli\u00e8rement sur le plan politique (par exemple politiques foresti\u00e8res harmonis\u00e9es), strat\u00e9gique (strat\u00e9gies sectorielles, directives pour la participation des peuples autochtones, strat\u00e9gie genre r\u00e9gionale) r\u00e9glementaire (par exemple, conception du cadre juridique des syst\u00e8mes APA (Acc\u00e8s et Partage des Avantages).<\/p>\n<p>Pour accompagner et suivre cette dynamique, le Projet d\u2019Appui \u00e0 la COMIFAC (GIZ\/COMIFAC) recherche un.e Expert.e en Communication junior pour son bureau de coordination \u00e0 Yaound\u00e9.<\/p>\n<p> B.    DOMAINES DE RESPONSABILITES ET ATTRIBUTIONS<br \/>\nSous la responsabilit\u00e9 hi\u00e9rarchique du Directeur de Programme, le.la titulaire du poste aura la responsabilit\u00e9 de :<br \/>\nContribuer au d\u00e9veloppement de la strat\u00e9gie de communication interne et externe du Programme.<br \/>\nPlanifier les activit\u00e9s de communication.<br \/>\nAppuyer la communication institutionnelle du Programme.<br \/>\nAssister \u00e0 l\u2019impl\u00e9mentation des standards pour la communication externe et son d\u00e9ploiement.<br \/>\nCoordonner et, le cas \u00e9ch\u00e9ant, assurer le contr\u00f4le qualit\u00e9 (contenu, forme, quantit\u00e9) des outils de communication au regard du Corporate Design.<br \/>\nPartager r\u00e9guli\u00e8rement des informations et coop\u00e9rer \u00e9troitement avec le Responsable de la communication du bureau GIZ.<br \/>\nAssurer les relations Apporter un appui dans la coordination des relations presse en collaboration avec les responsables communication des partenaires et du BRY.<br \/>\nCultiver les relations avec la presse et s\u2019occuper de la couverture m\u00e9diatique efficiente des \u00e9v\u00e8nements du Programme.<br \/>\nAssurer la visibilit\u00e9 des programmes avec les m\u00e9dias locaux et fournir des informations aux visiteurs sur les questions techniques.<br \/>\nAssurer la veille m\u00e9diatique et mettre tes th\u00e8mes pertinents.<br \/>\nAssurer la gestion de la conception \/ production des publications et du mat\u00e9riel des relations publiques<br \/>\nApporter un appui \u00e0 l\u2019organisation d\u2019\u00e9v\u00e8nements de programme<br \/>\nAssurer l\u2019animation de la communication num\u00e9rique : site internet et r\u00e9seaux sociaux (Twitter, LinkedIn, Instagram, YouTube, etc.) du TRIDOM.<br \/>\nMettre en \u0153uvre d\u2019autres activit\u00e9s et t\u00e2ches sur instruction du.de la sup\u00e9rieur.e hi\u00e9rarchique.<\/p>\n<p>Dans ce cadre, le.la titulaire du poste aura les attributions suivantes :<\/p>\n<p>Contribuer au d\u00e9veloppement de la strat\u00e9gie de communication interne et externe du Programme.<br \/>\nPlanifier les activit\u00e9s de communication.<br \/>\nAppuyer la communication institutionnelle du Programme.<br \/>\nAssister \u00e0 l\u2019impl\u00e9mentation des standards pour la communication externe et son d\u00e9ploiement.<br \/>\nCoordonner et, le cas \u00e9ch\u00e9ant, assurer le contr\u00f4le qualit\u00e9 (contenu, forme, quantit\u00e9) des outils de communication au regard du Corporate Design.<br \/>\nPartager r\u00e9guli\u00e8rement des informations et coop\u00e9rer \u00e9troitement avec le Responsable de la communication du bureau GIZ.<br \/>\nAssurer les relations Apporter un appui dans la coordination des relations presse en collaboration avec les responsables communication des partenaires et du BRY.<br \/>\nCultiver les relations avec la presse et s\u2019occuper de la couverture m\u00e9diatique efficiente des \u00e9v\u00e8nements du Programme.<br \/>\nAssurer la visibilit\u00e9 des programmes avec les m\u00e9dias locaux et fournir des informations aux visiteurs sur les questions techniques.<br \/>\nAssurer la veille m\u00e9diatique et mettre tes th\u00e8mes pertinents.<br \/>\nAssurer la gestion de la conception \/ production des publications et du mat\u00e9riel des relations publiques<br \/>\nApporter un appui \u00e0 l\u2019organisation d\u2019\u00e9v\u00e8nements de programme<br \/>\nAssurer l\u2019animation de la communication num\u00e9rique : site internet et r\u00e9seaux sociaux (Twitter, LinkedIn, Instagram, YouTube, etc.) du TRIDOM.<br \/>\nMettre en \u0153uvre d\u2019autres activit\u00e9s et t\u00e2ches sur instruction du.de la sup\u00e9rieur.e hi\u00e9rarchique.<br \/>\nRequirements<br \/>\nA.    QUALIFICATIONS, COMPETENCES ET EXPERIENCE REQUISES<\/p>\n<p>1.     Qualification<\/p>\n<p>\u00catre titulaire au moins d\u2019une Master en Communication, Marketing et Ev\u00e9nementiel, Publicit\u00e9 et Strat\u00e9gie Digitale ou tout autre dipl\u00f4me\/domaine \u00e9quivalent.<\/p>\n<p>2.     Exp\u00e9rience professionnelle<\/p>\n<p>Avoir au trois (03) ans d\u2019exp\u00e9rience professionnelle \u00e0 un poste similaire.<br \/>\nAvoir au moins deux (02) ans d\u2019exp\u00e9riences av\u00e9r\u00e9es dans la gestion des projets de d\u00e9veloppement des domaines de la conservation de la biodiversit\u00e9 et du d\u00e9veloppement durable.<\/p>\n<p>Avoir une bonne exp\u00e9rience en mati\u00e8re de communication institutionnelle et organisationnelle.<br \/>\nAvoir une excellente capacit\u00e9 de reporting et une aptitude r\u00e9dactionnelle av\u00e9r\u00e9e.<br \/>\nAvoir une excellente pratique de l\u2019utilisation des technologies de l\u2019information et de la communication (logiciels correspondants ainsi que t\u00e9l\u00e9phone, courrier \u00e9lectronique, Internet) ainsi que des applications informatiques (\u00e9diteur Html, \u00e9diteurs photo et vid\u00e9o\u2026).<br \/>\nAvoir une bonne exp\u00e9rience en gestion des sites web et des contenus en ligne.<br \/>\nMa\u00eetriser les outils d\u2019\u00e9dition des textes et des photos (Microsoft Office Suite\/Office 365, Adobe Creative suite, Cloud, web development, web design).<br \/>\nAvoir une bonne ma\u00eetrise des techniques de facilitation\/formation.<\/p>\n<p>Avoir une excellente ma\u00eetrise (C2) du Fran\u00e7ais et de l\u2019Anglais.<br \/>\n\u00b7        La ma\u00eetrise d\u2019une autre langue serait un atout.<\/p>\n<p>3.     Connaissances \/comp\u00e9tences<\/p>\n<p>Avoir une tr\u00e8s bonne connaissance des institutions du syst\u00e8me COMIFAC.<br \/>\nMa\u00eetriser les th\u00e9ories et concepts de la communication : science de l\u2019information et de la communication, techniques de communication (\u00e9crit, image, communication de crise), cadre l\u00e9gal et d\u00e9ontologique (droit d\u2019auteur, droit \u00e0 l\u2019image des personnes).<br \/>\nConna\u00eetre la m\u00e9thodologie de gestion de projets en Communication.<br \/>\nD\u00e9montrer cr\u00e9ativit\u00e9 et innovation dans ses actions.<br \/>\nSe mettre \u00e0 jour continuellement quant \u00e0 l\u2019\u00e9volution des techniques, pratiques et r\u00e9flexions dans le domaine de la m\u00e9diation culturelle et environnementale.<br \/>\n\u00catre disponible, et capable de manager des contraintes horaires lors des \u00e9v\u00e8nements organis\u00e9s.<br \/>\n\u00catre apte \u00e0 travailler en \u00e9quipe et avoir une excellente capacit\u00e9 \u00e0 g\u00e9rer des t\u00e2ches multiples sous pression.<br \/>\n\u00catre disponible pour des d\u00e9placements professionnels r\u00e9guliers.<br \/>\n\u00catre dispos\u00e9.e \u00e0 voyager dans la zone d\u2019intervention du Projet et les pays du paysage TRIDOM et parfois dans des conditions difficiles.<br \/>\nLe poste peut n\u00e9cessiter des missions de terrain dans les 03 pays membres du TRIDOM (Cameroun, Gabon et R\u00e9publique du Congo).<\/p>\n<p>Date du d\u00e9but de contrat : 1er ao\u00fbt 2025<\/p>\n<p>P\u00e9riode de contrat : contrat \u00e0 dur\u00e9e d\u00e9termin\u00e9e renouvelable (02 ans)<\/p>\n<p>Lieu d\u2019affectation : Yaound\u00e9, Cameroun.<\/p>\n<p>D\u00e9lai de recevabilit\u00e9 des dossiers de candidature : 11 juillet 2025<\/p>\n<p>Classification interne\u202fdu poste : Bande 3A, sous la supervision hi\u00e9rarchique du Chef de Projet.<\/p>\n<p>B.    COMPOSITION ET DEPOT DES CANDIDATURES<br \/>\n1.     Composition des dossiers de candidature :<\/p>\n<p>Lettre de motivation ;<br \/>\nCV+ 3 r\u00e9f\u00e9rences professionnelles.<br \/>\n2.     Soumission du dossier de candidature:<\/p>\n<p>Toutes les candidatures seront re\u00e7ues uniquement sur notre site carri\u00e8re, via la plateforme de recrutement \u00e9lectronique accessible \u00e0 travers le lien : https:\/\/apply.workable.com\/giz-kamerun\/j\/DA6E808EAC\/ <\/p>\n","protected":false},"excerpt":{"rendered":"<p>Postulez via https:\/\/apply.workable.com\/giz-kamerun\/j\/DA6E808EAC\/ <\/p>\n","protected":false},"author":8,"comment_status":"open","ping_status":"closed","template":"","categories":[25,24],"tags":[],"villes":[136],"contrats":[236],"diplomes":[159],"_links":{"self":[{"href":"https:\/\/louma-jobs.com\/cameroun\/wp-json\/wp\/v2\/emplois\/53780"}],"collection":[{"href":"https:\/\/louma-jobs.com\/cameroun\/wp-json\/wp\/v2\/emplois"}],"about":[{"href":"https:\/\/louma-jobs.com\/cameroun\/wp-json\/wp\/v2\/types\/emplois"}],"author":[{"embeddable":true,"href":"https:\/\/louma-jobs.com\/cameroun\/wp-json\/wp\/v2\/users\/8"}],"replies":[{"embeddable":true,"href":"https:\/\/louma-jobs.com\/cameroun\/wp-json\/wp\/v2\/comments?post=53780"}],"version-history":[{"count":1,"href":"https:\/\/louma-jobs.com\/cameroun\/wp-json\/wp\/v2\/emplois\/53780\/revisions"}],"predecessor-version":[{"id":53781,"href":"https:\/\/louma-jobs.com\/cameroun\/wp-json\/wp\/v2\/emplois\/53780\/revisions\/53781"}],"wp:featuredmedia":[{"embeddable":true,"href":"https:\/\/louma-jobs.com\/cameroun\/wp-json\/wp\/v2\/media\/2622"}],"wp:attachment":[{"href":"https:\/\/louma-jobs.com\/cameroun\/wp-json\/wp\/v2\/media?parent=53780"}],"wp:term":[{"taxonomy":"category","embeddable":true,"href":"https:\/\/louma-jobs.com\/cameroun\/wp-json\/wp\/v2\/categories?post=53780"},{"taxonomy":"post_tag","embeddable":true,"href":"https:\/\/louma-jobs.com\/cameroun\/wp-json\/wp\/v2\/tags?post=53780"},{"taxonomy":"villes","embeddable":true,"href":"https:\/\/louma-jobs.com\/cameroun\/wp-json\/wp\/v2\/villes?post=53780"},{"taxonomy":"contrats","embeddable":true,"href":"https:\/\/louma-jobs.com\/cameroun\/wp-json\/wp\/v2\/contrats?post=53780"},{"taxonomy":"diplomes","embeddable":true,"href":"https:\/\/louma-jobs.com\/cameroun\/wp-json\/wp\/v2\/diplomes?post=53780"}],"curies":[{"name":"wp","href":"https:\/\/api.w.org\/{rel}","templated":true}]}}